{"id":555,"date":"2023-12-29T11:51:58","date_gmt":"2023-12-29T10:51:58","guid":{"rendered":"https:\/\/schale.se\/tradgard\/?page_id=555"},"modified":"2023-12-29T12:23:40","modified_gmt":"2023-12-29T11:23:40","slug":"tradgardskalender","status":"publish","type":"page","link":"https:\/\/schale.se\/tradgard\/tradgardskalender\/","title":{"rendered":"Tr\u00e4dg\u00e5rdskalender"},"content":{"rendered":"\n<p class=\"has-text-align-left has-yellow-background-color has-background\">Vi jobbar \u00e5ret runt och h\u00e4r presenteras en kort \u00f6versikt av vilka tj\u00e4nster som \u00e4r l\u00e4mpliga att g\u00f6ra vid olika \u00e5rstider. Men kontakta oss g\u00e4rna, s\u00e5 kommer vi tillsammans fram till r\u00e4tt tid att utf\u00f6ra arbetet i just din tr\u00e4dg\u00e5rd.<\/p>\n\n\n\n<p>V\u00e5rvinter:<\/p>\n\n\n\n<p class=\"has-background\" style=\"background:linear-gradient(135deg,rgb(6,147,227) 0%,rgb(21,247,194) 21%,rgb(155,81,224) 100%)\">Vi hj\u00e4lper dig att redan nu planera tr\u00e4dg\u00e5rden inf\u00f6r kommande s\u00e4song.<\/p>\n\n\n\n<p class=\"has-background\" style=\"background:linear-gradient(135deg,rgb(6,147,227) 0%,rgb(35,243,108) 21%,rgb(155,81,224) 100%)\">Grundarbete kan g\u00f6ras f\u00f6r anl\u00e4ggning av stenparti, samt anl\u00e4ggning av g\u00e5ngar och utf\u00f6rande av pl\u00e5tarbeten i Corten.<\/p>\n\n\n\n<p class=\"has-background\" style=\"background:linear-gradient(135deg,rgb(202,248,128) 0%,rgb(219,243,231) 68%,rgb(74,234,246) 82%,rgb(113,206,126) 100%)\">Nu \u00e4r ocks\u00e5 tiden att besk\u00e4ra vissa buskar och tr\u00e4d, bl.a. \u00e4ppel- och p\u00e4rontr\u00e4d.<\/p>\n\n\n\n<p>V\u00e5r:<\/p>\n\n\n\n<p class=\"has-background\" style=\"background:linear-gradient(135deg,rgb(202,248,128) 0%,rgb(255,255,255) 24%,rgb(113,206,126) 100%)\">V\u00e5rst\u00e4dning av tr\u00e4dg\u00e5rden.<\/p>\n\n\n\n<p class=\"has-background\" style=\"background:linear-gradient(135deg,rgb(202,248,128) 0%,rgb(24,249,189) 45%,rgb(113,206,126) 100%)\">Tid att gr\u00e4va nya rabatter samt rensa ogr\u00e4s i befintliga rabatter och tr\u00e4dg\u00e5rdsland.<\/p>\n\n\n\n<p class=\"has-background\" style=\"background:linear-gradient(135deg,rgb(202,248,128) 0%,rgb(85,240,139) 77%,rgb(113,206,126) 100%)\">Gr\u00e4smattev\u00e5rd med tex g\u00f6dning och eventuellt ny ins\u00e5dd av fr\u00f6n, gr\u00e4sklippning- och trimning, delning av stora perenner och plantering av nya plantor och buskar, g\u00f6dsling av v\u00e5rblommande buskar mm. Vi utf\u00f6r \u00e4ven ogr\u00e4sbr\u00e4nning i tex grusg\u00e5ngar. L\u00e4mplig tid f\u00f6r fr\u00f6s\u00e5dder av sommarblommor.<\/p>\n\n\n\n<p>Sommar:<\/p>\n\n\n\n<p class=\"has-electric-grass-gradient-background has-background\">Gr\u00e4sklippning- och trimning, h\u00e4ckklippning, besk\u00e4rning av v\u00e5rblommande buskar.<\/p>\n\n\n\n<p class=\"has-background\" style=\"background:linear-gradient(135deg,rgb(122,220,180) 0%,rgb(81,247,95) 88%,rgb(0,208,130) 100%)\">g\u00f6dsling, bevattning, ogr\u00e4sbr\u00e4nning i grusg\u00e5ngar. Besk\u00e4rning av tr\u00e4d under JAS-perioden<\/p>\n\n\n\n<p>H\u00f6st:<\/p>\n\n\n\n<p class=\"has-background\" style=\"background:linear-gradient(135deg,rgb(252,185,0) 0%,rgb(255,255,255) 15%,rgb(138,184,57) 28%,rgb(255,105,0) 100%)\">H\u00f6stst\u00e4dning med l\u00f6vr\u00e4fsning och nedklippning av perenner mm.<\/p>\n\n\n\n<p class=\"has-luminous-vivid-amber-to-luminous-vivid-orange-gradient-background has-background\">Besk\u00e4rning av buskar och frukttr\u00e4d bl.a. plommon- och k\u00f6rsb\u00e4rstr\u00e4d, h\u00e4ckklippning,<\/p>\n\n\n\n<p class=\"has-background\" style=\"background:linear-gradient(135deg,rgb(252,185,0) 0%,rgb(191,141,50) 17%,rgb(255,105,0) 100%)\">Bra tid att plantera perenner, buskar och tr\u00e4d.<\/p>\n\n\n\n<p>Vinter:<\/p>\n\n\n\n<p class=\"has-background\" style=\"background:linear-gradient(135deg,rgb(255,245,203) 0%,rgb(182,227,212) 50%,rgb(21,212,242) 62%,rgb(51,167,181) 100%)\">Tr\u00e4df\u00e4llning och slyr\u00f6jning.<\/p>\n\n\n\n<p class=\"has-background\" style=\"background:linear-gradient(135deg,rgb(6,147,227) 0%,rgb(5,224,248) 11%,rgb(155,81,224) 100%)\">Planering inf\u00f6r kommande s\u00e4song med tex sk\u00f6tselplan, utformning av rabatter eller placering av buskar och tr\u00e4d.<\/p>\n","protected":false},"excerpt":{"rendered":"<p>Vi jobbar \u00e5ret runt och h\u00e4r presenteras en kort \u00f6versikt av vilka tj\u00e4nster som \u00e4r l\u00e4mpliga att g\u00f6ra vid olika \u00e5rstider. Men kontakta oss g\u00e4rna, s\u00e5 kommer vi tillsammans fram till r\u00e4tt tid att utf\u00f6ra arbetet i just din tr\u00e4dg\u00e5rd. V\u00e5rvinter: Vi hj\u00e4lper dig att redan nu planera tr\u00e4dg\u00e5rden inf\u00f6r kommande s\u00e4song. Grundarbete kan g\u00f6ras &hellip; <a href=\"https:\/\/schale.se\/tradgard\/tradgardskalender\/\" class=\"more-link\">Forts\u00e4tt l\u00e4sa<span class=\"screen-reader-text\"> \u201dTr\u00e4dg\u00e5rdskalender\u201d<\/span><\/a><\/p>\n","protected":false},"author":1,"featured_media":0,"parent":0,"menu_order":0,"comment_status":"closed","ping_status":"closed","template":"","meta":{"ngg_post_thumbnail":0,"footnotes":""},"class_list":["post-555","page","type-page","status-publish","hentry"],"_links":{"self":[{"href":"https:\/\/schale.se\/tradgard\/wp-json\/wp\/v2\/pages\/555","targetHints":{"allow":["GET"]}}],"collection":[{"href":"https:\/\/schale.se\/tradgard\/wp-json\/wp\/v2\/pages"}],"about":[{"href":"https:\/\/schale.se\/tradgard\/wp-json\/wp\/v2\/types\/page"}],"author":[{"embeddable":true,"href":"https:\/\/schale.se\/tradgard\/wp-json\/wp\/v2\/users\/1"}],"replies":[{"embeddable":true,"href":"https:\/\/schale.se\/tradgard\/wp-json\/wp\/v2\/comments?post=555"}],"version-history":[{"count":3,"href":"https:\/\/schale.se\/tradgard\/wp-json\/wp\/v2\/pages\/555\/revisions"}],"predecessor-version":[{"id":559,"href":"https:\/\/schale.se\/tradgard\/wp-json\/wp\/v2\/pages\/555\/revisions\/559"}],"wp:attachment":[{"href":"https:\/\/schale.se\/tradgard\/wp-json\/wp\/v2\/media?parent=555"}],"curies":[{"name":"wp","href":"https:\/\/api.w.org\/{rel}","templated":true}]}}